{"id":5129,"date":"2018-02-16T13:16:35","date_gmt":"2018-02-16T12:16:35","guid":{"rendered":"http:\/\/limogesabc.com\/?page_id=5129"},"modified":"2022-11-28T16:02:07","modified_gmt":"2022-11-28T15:02:07","slug":"u15-nouvelle-aquitaine","status":"publish","type":"page","link":"https:\/\/limogesabc.com\/index.php\/u15-nouvelle-aquitaine\/","title":{"rendered":"U15 Nouvelle-Aquitaine"},"content":{"rendered":"<p><img fetchpriority=\"high\" decoding=\"async\" class=\"wp-image-15774 size-full aligncenter\" src=\"https:\/\/limogesabc.com\/wp-content\/uploads\/2022\/04\/U15NA-2021-2022.jpg\" alt=\"\" width=\"709\" height=\"532\" srcset=\"https:\/\/limogesabc.com\/wp-content\/uploads\/2022\/04\/U15NA-2021-2022.jpg 709w, https:\/\/limogesabc.com\/wp-content\/uploads\/2022\/04\/U15NA-2021-2022-300x225.jpg 300w, https:\/\/limogesabc.com\/wp-content\/uploads\/2022\/04\/U15NA-2021-2022-150x113.jpg 150w, https:\/\/limogesabc.com\/wp-content\/uploads\/2022\/04\/U15NA-2021-2022-400x300.jpg 400w\" sizes=\"(max-width: 709px) 100vw, 709px\" \/><\/p>\n<table class=\" aligncenter\" style=\"width: 60.5202%; height: 176px;\">\n<tbody>\n<tr style=\"height: 72px;\">\n<td style=\"height: 72px;\"><strong>Debout, de gauche \u00e0 droite :<\/strong> \u00c9milie PIAROU (coach), Fr\u00e9d\u00e9rique DUTOUR\u00a0 (responsable d\u2019\u00e9quipe), Cl\u00e9mence, BRUNET-MANQUAT, Chlo\u00e9 FREMINET, \u00c9lise DUTOUR, Lisa DELAYE, Audrey GROSBRAS, Elea BOYER- BENESTEVE, Elo\u00efse ALLARY, Karine BENESTEVE (responsable d\u2019\u00e9quipe)<br \/>\n<strong>Accroupies de gauche \u00e0 droite :<\/strong> Chlo\u00e9 DELALANDE, Manon DEVAUX, Asya AKCAN, Calie ADAMSKI, Juliette SINAUD<strong>Absente sur la photo :<\/strong> Annah GIRARD<\/td>\n<\/tr>\n<\/tbody>\n<\/table>\n<p>&nbsp;<\/p>\n<p>&nbsp;<\/p>\n<p>&nbsp;<\/p>\n","protected":false},"excerpt":{"rendered":"<p>Debout, de gauche \u00e0 droite : \u00c9milie PIAROU (coach), Fr\u00e9d\u00e9rique DUTOUR\u00a0 (responsable d\u2019\u00e9quipe), Cl\u00e9mence, BRUNET-MANQUAT, Chlo\u00e9 FREMINET, \u00c9lise DUTOUR, Lisa DELAYE, Audrey GROSBRAS, Elea BOYER- BENESTEVE, Elo\u00efse ALLARY, Karine BENESTEVE (responsable d\u2019\u00e9quipe) Accroupies de gauche \u00e0 droite : Chlo\u00e9 DELALANDE, Manon DEVAUX, Asya AKCAN, Calie ADAMSKI, Juliette SINAUDAbsente sur la photo : Annah GIRARD &nbsp;&#8230; <\/p>\n<div class=\"clear\"><\/div>\n<p><a href=\"https:\/\/limogesabc.com\/index.php\/u15-nouvelle-aquitaine\/\" class=\"excerpt-read-more\">Lire plus<\/a><\/p>\n","protected":false},"author":3,"featured_media":0,"parent":0,"menu_order":0,"comment_status":"closed","ping_status":"closed","template":"","meta":{"_mi_skip_tracking":false,"_exactmetrics_sitenote_active":false,"_exactmetrics_sitenote_note":"","_exactmetrics_sitenote_category":0,"_monsterinsights_skip_tracking":false,"_monsterinsights_sitenote_active":false,"_monsterinsights_sitenote_note":"","_monsterinsights_sitenote_category":0,"footnotes":""},"class_list":["post-5129","page","type-page","status-publish","hentry"],"aioseo_notices":[],"_links":{"self":[{"href":"https:\/\/limogesabc.com\/index.php\/wp-json\/wp\/v2\/pages\/5129","targetHints":{"allow":["GET"]}}],"collection":[{"href":"https:\/\/limogesabc.com\/index.php\/wp-json\/wp\/v2\/pages"}],"about":[{"href":"https:\/\/limogesabc.com\/index.php\/wp-json\/wp\/v2\/types\/page"}],"author":[{"embeddable":true,"href":"https:\/\/limogesabc.com\/index.php\/wp-json\/wp\/v2\/users\/3"}],"replies":[{"embeddable":true,"href":"https:\/\/limogesabc.com\/index.php\/wp-json\/wp\/v2\/comments?post=5129"}],"version-history":[{"count":10,"href":"https:\/\/limogesabc.com\/index.php\/wp-json\/wp\/v2\/pages\/5129\/revisions"}],"predecessor-version":[{"id":17512,"href":"https:\/\/limogesabc.com\/index.php\/wp-json\/wp\/v2\/pages\/5129\/revisions\/17512"}],"wp:attachment":[{"href":"https:\/\/limogesabc.com\/index.php\/wp-json\/wp\/v2\/media?parent=5129"}],"curies":[{"name":"wp","href":"https:\/\/api.w.org\/{rel}","templated":true}]}}